{"id":336,"date":"2023-01-27T23:02:25","date_gmt":"2023-01-27T23:02:25","guid":{"rendered":"https:\/\/sun21.at\/wp\/?page_id=336"},"modified":"2025-01-22T12:27:44","modified_gmt":"2025-01-22T12:27:44","slug":"in-4-schritten-zu-deiner-pv-anlage","status":"publish","type":"page","link":"https:\/\/sun21.at\/wp\/in-4-schritten-zu-deiner-pv-anlage\/","title":{"rendered":"In 4 Schritten zur PV-Anlage"},"content":{"rendered":"\n<p><\/p>\n\n\n\n<h2 class=\"wp-block-heading\" id=\"beratung\">Besichtigung &amp; Beratung<\/h2>\n\n\n\n<div class=\"wp-block-columns is-layout-flex wp-container-core-columns-is-layout-9d6595d7 wp-block-columns-is-layout-flex\">\n<div class=\"wp-block-column is-layout-flow wp-block-column-is-layout-flow\" style=\"flex-basis:66.66%\">\n<p>Gemeinsam werden <strong>Anforderungen <\/strong>und <strong>Fragen <\/strong>gekl\u00e4rt und die <strong>Dachfl\u00e4chen <\/strong>und der <strong>Bestand <\/strong>besichtigt. Dank namhafter <strong>Montagesysteme <\/strong>k\u00f6nnen PV-Module auf jedes <a href=\"#dachmontage\">Dach montiert<\/a> werden: Flachdach, Ziegel, Welldach, Schindeln, Blech, etc.<\/p>\n<\/div>\n\n\n\n<div class=\"wp-block-column is-layout-flow wp-block-column-is-layout-flow\" style=\"flex-basis:33.33%\">\n<figure class=\"wp-block-image size-full\"><img loading=\"lazy\" decoding=\"async\" width=\"651\" height=\"532\" src=\"https:\/\/sun21.at\/wp\/wp-content\/uploads\/2024\/06\/Broschuere-01_Besichtigung.png\" alt=\"\" class=\"wp-image-1354\" srcset=\"https:\/\/sun21.at\/wp\/wp-content\/uploads\/2024\/06\/Broschuere-01_Besichtigung.png 651w, https:\/\/sun21.at\/wp\/wp-content\/uploads\/2024\/06\/Broschuere-01_Besichtigung-300x245.png 300w, https:\/\/sun21.at\/wp\/wp-content\/uploads\/2024\/06\/Broschuere-01_Besichtigung-150x123.png 150w\" sizes=\"auto, (max-width: 651px) 100vw, 651px\" \/><\/figure>\n<\/div>\n<\/div>\n\n\n\n<h2 class=\"wp-block-heading\" id=\"dachmontage\">Planung &amp; Angebot<\/h2>\n\n\n\n<div class=\"wp-block-columns is-layout-flex wp-container-core-columns-is-layout-9d6595d7 wp-block-columns-is-layout-flex\">\n<div class=\"wp-block-column is-layout-flow wp-block-column-is-layout-flow\" style=\"flex-basis:33.33%\">\n<figure class=\"wp-block-image size-full\"><img loading=\"lazy\" decoding=\"async\" width=\"651\" height=\"532\" src=\"https:\/\/sun21.at\/wp\/wp-content\/uploads\/2024\/06\/Broschuere-02_Planung.png\" alt=\"\" class=\"wp-image-1355\" srcset=\"https:\/\/sun21.at\/wp\/wp-content\/uploads\/2024\/06\/Broschuere-02_Planung.png 651w, https:\/\/sun21.at\/wp\/wp-content\/uploads\/2024\/06\/Broschuere-02_Planung-300x245.png 300w, https:\/\/sun21.at\/wp\/wp-content\/uploads\/2024\/06\/Broschuere-02_Planung-150x123.png 150w\" sizes=\"auto, (max-width: 651px) 100vw, 651px\" \/><\/figure>\n<\/div>\n\n\n\n<div class=\"wp-block-column is-layout-flow wp-block-column-is-layout-flow\" style=\"flex-basis:66.66%\">\n<p>Wir planen die optimale PV-Anlage nach Ihren W\u00fcnschen und Bed\u00fcrfnissen. Abh\u00e4ngig von Ihrem <strong>Strombedarf <\/strong>und der verf\u00fcgbaren <strong>Dachfl\u00e4che<\/strong> werden die Module geplant, alle Kosten kalkuliert und ein <strong>unverbindliches Angebot<\/strong> erstellt.<\/p>\n<\/div>\n<\/div>\n\n\n\n<h2 class=\"wp-block-heading\">Dachmontage<\/h2>\n\n\n\n<div class=\"wp-block-columns is-layout-flex wp-container-core-columns-is-layout-9d6595d7 wp-block-columns-is-layout-flex\">\n<div class=\"wp-block-column is-layout-flow wp-block-column-is-layout-flow\" style=\"flex-basis:66.66%\">\n<p>Sie geben uns den Auftrag und wir legen los! Das Montageteam montiert die passende <strong><a href=\"#dachmontage\">Unterkonstruktion <\/a><\/strong>auf das <strong>Dach<\/strong>, die PV-Module und erledigt die <strong>Verkabelung <\/strong>bis zum <strong>Wechselrichter<\/strong>. Die Kabelwege k\u00f6nnen im Haus oder auch au\u00dfen verlaufen.<\/p>\n<\/div>\n\n\n\n<div class=\"wp-block-column is-layout-flow wp-block-column-is-layout-flow\" style=\"flex-basis:33.33%\">\n<figure class=\"wp-block-image size-full\"><img loading=\"lazy\" decoding=\"async\" width=\"655\" height=\"535\" src=\"https:\/\/sun21.at\/wp\/wp-content\/uploads\/2024\/06\/Broschuere-03_Dachmontage.png\" alt=\"\" class=\"wp-image-1356\" srcset=\"https:\/\/sun21.at\/wp\/wp-content\/uploads\/2024\/06\/Broschuere-03_Dachmontage.png 655w, https:\/\/sun21.at\/wp\/wp-content\/uploads\/2024\/06\/Broschuere-03_Dachmontage-300x245.png 300w, https:\/\/sun21.at\/wp\/wp-content\/uploads\/2024\/06\/Broschuere-03_Dachmontage-150x123.png 150w\" sizes=\"auto, (max-width: 655px) 100vw, 655px\" \/><\/figure>\n<\/div>\n<\/div>\n\n\n\n<h2 class=\"wp-block-heading\" id=\"elektromontage\">Elektromontage &amp; Inbetriebnahme<\/h2>\n\n\n\n<div class=\"wp-block-columns is-layout-flex wp-container-core-columns-is-layout-9d6595d7 wp-block-columns-is-layout-flex\">\n<div class=\"wp-block-column is-layout-flow wp-block-column-is-layout-flow\" style=\"flex-basis:33.33%\">\n<figure class=\"wp-block-image size-full\"><img loading=\"lazy\" decoding=\"async\" width=\"656\" height=\"535\" src=\"https:\/\/sun21.at\/wp\/wp-content\/uploads\/2024\/06\/Broschuere-04_E-Montage.png\" alt=\"\" class=\"wp-image-1357\" srcset=\"https:\/\/sun21.at\/wp\/wp-content\/uploads\/2024\/06\/Broschuere-04_E-Montage.png 656w, https:\/\/sun21.at\/wp\/wp-content\/uploads\/2024\/06\/Broschuere-04_E-Montage-300x245.png 300w, https:\/\/sun21.at\/wp\/wp-content\/uploads\/2024\/06\/Broschuere-04_E-Montage-150x122.png 150w\" sizes=\"auto, (max-width: 656px) 100vw, 656px\" \/><\/figure>\n<\/div>\n\n\n\n<div class=\"wp-block-column is-layout-flow wp-block-column-is-layout-flow\" style=\"flex-basis:66.66%\">\n<p>Das Elektrikerteam schlie\u00dft alle Komponenten an und f\u00fchrt die Energieverkabelung durch.<br>Abschlie\u00dfend wird die fertige PV-Anlage in Betrieb genommen und eingeschult. Wir stellen alle Befunde aus und senden eine umfangreiche Kundenmappe zu.<\/p>\n<\/div>\n<\/div>\n\n\n\n<p><\/p>\n\n\n\n<div class=\"wp-block-columns is-layout-flex wp-container-core-columns-is-layout-9d6595d7 wp-block-columns-is-layout-flex\">\n<div class=\"wp-block-column is-layout-flow wp-block-column-is-layout-flow\" style=\"flex-basis:66.66%\">\n<h4 class=\"wp-block-heading\">Und dann: <br>Die Sonne f\u00fcr Sie arbeiten lassen! \ud83d\ude42<\/h4>\n<\/div>\n\n\n\n<div class=\"wp-block-column is-layout-flow wp-block-column-is-layout-flow\" style=\"flex-basis:33.33%\">\n<figure class=\"wp-block-image size-large\"><img loading=\"lazy\" decoding=\"async\" width=\"1024\" height=\"452\" src=\"https:\/\/sun21.at\/wp\/wp-content\/uploads\/2024\/06\/Crafter-1024x452.png\" alt=\"\" class=\"wp-image-1358\" srcset=\"https:\/\/sun21.at\/wp\/wp-content\/uploads\/2024\/06\/Crafter-1024x452.png 1024w, https:\/\/sun21.at\/wp\/wp-content\/uploads\/2024\/06\/Crafter-300x132.png 300w, https:\/\/sun21.at\/wp\/wp-content\/uploads\/2024\/06\/Crafter-150x66.png 150w, https:\/\/sun21.at\/wp\/wp-content\/uploads\/2024\/06\/Crafter-768x339.png 768w, https:\/\/sun21.at\/wp\/wp-content\/uploads\/2024\/06\/Crafter.png 1044w\" sizes=\"auto, (max-width: 1024px) 100vw, 1024px\" \/><\/figure>\n<\/div>\n<\/div>\n\n\n\n<div class=\"wp-block-group has-base-3-background-color has-background\"><div class=\"wp-block-group__inner-container is-layout-constrained wp-block-group-is-layout-constrained\">\n<div class=\"wp-block-columns is-layout-flex wp-container-core-columns-is-layout-9d6595d7 wp-block-columns-is-layout-flex\">\n<div class=\"wp-block-column is-layout-flow wp-block-column-is-layout-flow\" style=\"flex-basis:33.33%\">\n<figure class=\"wp-block-image size-full\"><img loading=\"lazy\" decoding=\"async\" width=\"800\" height=\"600\" src=\"https:\/\/sun21.at\/wp\/wp-content\/uploads\/2025\/01\/sun21_waermepumpe_photovoltaik_solarmanager_wien.png\" alt=\"\" class=\"wp-image-1968\" srcset=\"https:\/\/sun21.at\/wp\/wp-content\/uploads\/2025\/01\/sun21_waermepumpe_photovoltaik_solarmanager_wien.png 800w, https:\/\/sun21.at\/wp\/wp-content\/uploads\/2025\/01\/sun21_waermepumpe_photovoltaik_solarmanager_wien-300x225.png 300w, https:\/\/sun21.at\/wp\/wp-content\/uploads\/2025\/01\/sun21_waermepumpe_photovoltaik_solarmanager_wien-150x113.png 150w, https:\/\/sun21.at\/wp\/wp-content\/uploads\/2025\/01\/sun21_waermepumpe_photovoltaik_solarmanager_wien-768x576.png 768w\" sizes=\"auto, (max-width: 800px) 100vw, 800px\" \/><\/figure>\n<\/div>\n\n\n\n<div class=\"wp-block-column is-vertically-aligned-center is-layout-flow wp-block-column-is-layout-flow\" style=\"flex-basis:66.66%\">\n<h2 class=\"wp-block-heading\">Ihr Weg zu mehr Unabh\u00e4ngigkeit!<\/h2>\n\n\n\n<p>Lassen Sie uns Ihre <strong>smarte Energiel\u00f6sung<\/strong> gemeinsam planen: \u2600\ufe0f <strong>Photovoltaik-Anlage<\/strong> und\/oder<strong> Luft-W\u00e4rmepumpe<\/strong>. Bei uns bekommen Sie alles aus einer Hand. Wir beraten Sie <strong>pers\u00f6nlich <\/strong>und <strong>individuell<\/strong>.<\/p>\n\n\n\n<div class=\"wp-block-buttons is-content-justification-center is-layout-flex wp-container-core-buttons-is-layout-16018d1d wp-block-buttons-is-layout-flex\">\n<div class=\"wp-block-button\"><a class=\"wp-block-button__link wp-element-button\" href=\"https:\/\/sun21.at\/wp\/anfrageformular\/\">JETZT UNVERBINDLICH ANFRAGEN<\/a><\/div>\n<\/div>\n<\/div>\n<\/div>\n<\/div><\/div>\n\n\n\n<h1 class=\"wp-block-heading\">Dachmontage<\/h1>\n\n\n\n<p id=\"dachmontage\">Unsere <strong>Unterkonstruktionen <\/strong>f\u00fcr die Dachmontage sind von <strong>namhaften Herstellern<\/strong> und dank <strong>hochwertiger Materialien<\/strong> und <strong>pr\u00e4ziser Verarbeitung<\/strong> bieten wir Ihnen eine zuverl\u00e4ssige und <strong>langlebige L\u00f6sung<\/strong> f\u00fcr Ihr Dach. W\u00e4hrend des <strong>Besichtigungstermins <\/strong>nehmen wir alle Daten zum Dach und dessen Eigenschaften auf. F\u00fcr jede Eindeckung und Dachart gibt es die perfekt passende Unterkonstruktion f\u00fcr Ihre PV-Anlage. Die SUN21 Monteure haben <strong>jahrelange Erfahrung<\/strong> mit D\u00e4chern jeglicher Art.<\/p>\n\n\n\n<div class=\"wp-block-columns is-layout-flex wp-container-core-columns-is-layout-9d6595d7 wp-block-columns-is-layout-flex\">\n<div class=\"wp-block-column is-layout-flow wp-block-column-is-layout-flow\">\n<h2 class=\"wp-block-heading\">Ziegeldach<\/h2>\n\n\n\n<p>Die <strong>Neigung <\/strong>des Ziegeldaches l\u00e4sst die Sonnenstrahlen optimal einfangen. Die Solarpaneele fixieren wir auf <strong>Schienen<\/strong> am Dach. Zur Montage dieser Schienen schleifen wir einige Ziegel professionell an und verschrauben die <strong>Dachhaken <\/strong>auf den darunter liegenden <strong>Sparren<\/strong>. Auch Montagen mit speziellen Dachpfannen sind m\u00f6glich (Biberschwanz, Doppeldeckung).<\/p>\n\n\n\n<figure class=\"wp-block-gallery has-nested-images columns-default is-cropped wp-block-gallery-1 is-layout-flex wp-block-gallery-is-layout-flex\">\n<figure class=\"wp-block-image size-large\"><img loading=\"lazy\" decoding=\"async\" width=\"200\" height=\"200\" data-id=\"786\" src=\"https:\/\/sun21.at\/wp\/wp-content\/uploads\/2023\/04\/Ziegeldach-Haken.png\" alt=\"\" class=\"wp-image-786\" srcset=\"https:\/\/sun21.at\/wp\/wp-content\/uploads\/2023\/04\/Ziegeldach-Haken.png 200w, https:\/\/sun21.at\/wp\/wp-content\/uploads\/2023\/04\/Ziegeldach-Haken-150x150.png 150w\" sizes=\"auto, (max-width: 200px) 100vw, 200px\" \/><\/figure>\n\n\n\n<figure class=\"wp-block-image size-large\"><img loading=\"lazy\" decoding=\"async\" width=\"200\" height=\"200\" data-id=\"787\" src=\"https:\/\/sun21.at\/wp\/wp-content\/uploads\/2023\/04\/Ziegeldach-Haken-2.png\" alt=\"\" class=\"wp-image-787\" srcset=\"https:\/\/sun21.at\/wp\/wp-content\/uploads\/2023\/04\/Ziegeldach-Haken-2.png 200w, https:\/\/sun21.at\/wp\/wp-content\/uploads\/2023\/04\/Ziegeldach-Haken-2-150x150.png 150w\" sizes=\"auto, (max-width: 200px) 100vw, 200px\" \/><\/figure>\n<\/figure>\n<\/div>\n\n\n\n<div class=\"wp-block-column is-layout-flow wp-block-column-is-layout-flow\">\n<h2 class=\"wp-block-heading\">Flachdach<\/h2>\n\n\n\n<p>Am Flachdach verwenden wir <strong>Ballastierung <\/strong>(Betonsteine als Gewicht). Die Paneele werden Richtung <strong>S\u00fcden <\/strong>oder nach <strong>Ost\/West<\/strong> aufgest\u00e4ndert aufgestellt. Mit einer  <strong>Aufst\u00e4nderung <\/strong>der Paneele von 15-30\u00b0 sorgen wir f\u00fcr die optimale Ausnutzung der Sonne und einen hohen Ertrag der PV-Anlage.<\/p>\n\n\n\n<figure class=\"wp-block-gallery has-nested-images columns-default is-cropped wp-block-gallery-2 is-layout-flex wp-block-gallery-is-layout-flex\">\n<figure class=\"wp-block-image size-large\"><img loading=\"lazy\" decoding=\"async\" width=\"200\" height=\"200\" data-id=\"791\" src=\"https:\/\/sun21.at\/wp\/wp-content\/uploads\/2023\/04\/Flachdach-2.png\" alt=\"\" class=\"wp-image-791\" srcset=\"https:\/\/sun21.at\/wp\/wp-content\/uploads\/2023\/04\/Flachdach-2.png 200w, https:\/\/sun21.at\/wp\/wp-content\/uploads\/2023\/04\/Flachdach-2-150x150.png 150w\" sizes=\"auto, (max-width: 200px) 100vw, 200px\" \/><\/figure>\n\n\n\n<figure class=\"wp-block-image size-large\"><img loading=\"lazy\" decoding=\"async\" width=\"200\" height=\"200\" data-id=\"804\" src=\"https:\/\/sun21.at\/wp\/wp-content\/uploads\/2023\/04\/Flachdach-3.png\" alt=\"\" class=\"wp-image-804\" srcset=\"https:\/\/sun21.at\/wp\/wp-content\/uploads\/2023\/04\/Flachdach-3.png 200w, https:\/\/sun21.at\/wp\/wp-content\/uploads\/2023\/04\/Flachdach-3-150x150.png 150w\" sizes=\"auto, (max-width: 200px) 100vw, 200px\" \/><\/figure>\n<\/figure>\n<\/div>\n<\/div>\n\n\n\n<div class=\"wp-block-columns is-layout-flex wp-container-core-columns-is-layout-9d6595d7 wp-block-columns-is-layout-flex\">\n<div class=\"wp-block-column is-layout-flow wp-block-column-is-layout-flow\">\n<h2 class=\"wp-block-heading\">Faserzement (z.B. Eternit\u00ae)<\/h2>\n\n\n\n<p>Nutzen Sie Ihr Welldach oder Schindel-Dach optimal f\u00fcr Ihre PV-Anlage. Wir befestigen die Schienen f\u00fcr die Module mittels <strong>Stockschrauben<\/strong>. Mit besonderen Dichtungen bzw. <strong>Dichtplatten <\/strong>sorgen wir f\u00fcr eine fachgerechte Installation und <strong>Dichtheit<\/strong>.<\/p>\n\n\n\n<figure class=\"wp-block-gallery has-nested-images columns-default is-cropped wp-block-gallery-3 is-layout-flex wp-block-gallery-is-layout-flex\">\n<figure class=\"wp-block-image size-large\"><img loading=\"lazy\" decoding=\"async\" width=\"200\" height=\"200\" data-id=\"797\" src=\"https:\/\/sun21.at\/wp\/wp-content\/uploads\/2023\/04\/Eternit-Welldach.png\" alt=\"\" class=\"wp-image-797\" srcset=\"https:\/\/sun21.at\/wp\/wp-content\/uploads\/2023\/04\/Eternit-Welldach.png 200w, https:\/\/sun21.at\/wp\/wp-content\/uploads\/2023\/04\/Eternit-Welldach-150x150.png 150w\" sizes=\"auto, (max-width: 200px) 100vw, 200px\" \/><\/figure>\n\n\n\n<figure class=\"wp-block-image size-large\"><img loading=\"lazy\" decoding=\"async\" width=\"200\" height=\"200\" data-id=\"800\" src=\"https:\/\/sun21.at\/wp\/wp-content\/uploads\/2023\/04\/Eternit-Schindeldach-2.png\" alt=\"\" class=\"wp-image-800\" srcset=\"https:\/\/sun21.at\/wp\/wp-content\/uploads\/2023\/04\/Eternit-Schindeldach-2.png 200w, https:\/\/sun21.at\/wp\/wp-content\/uploads\/2023\/04\/Eternit-Schindeldach-2-150x150.png 150w\" sizes=\"auto, (max-width: 200px) 100vw, 200px\" \/><\/figure>\n<\/figure>\n<\/div>\n\n\n\n<div class=\"wp-block-column is-layout-flow wp-block-column-is-layout-flow\">\n<h2 class=\"wp-block-heading\">Blechfalz \/ Trapezblech<\/h2>\n\n\n\n<p>Auch auf Ihrem <strong>Blechdach<\/strong> k\u00f6nnen wir fachgerecht PV-Paneele montieren. Je nach <strong>Dachtyp <\/strong>verwenden wir passende <strong>Falzklemmen <\/strong>zur durchdringungsfreien Befestigung der Unterkonstruktion oder sogenannte <strong>Kurzschienen <\/strong>\/ <strong>Trapezbr\u00fccken<\/strong>, die auf den <strong>Hochsicken <\/strong>montiert werden.<\/p>\n\n\n\n<figure class=\"wp-block-gallery has-nested-images columns-default is-cropped wp-block-gallery-4 is-layout-flex wp-block-gallery-is-layout-flex\">\n<figure class=\"wp-block-image size-large\"><img loading=\"lazy\" decoding=\"async\" width=\"200\" height=\"200\" data-id=\"809\" src=\"https:\/\/sun21.at\/wp\/wp-content\/uploads\/2023\/04\/Blechfalzdach-3.png\" alt=\"\" class=\"wp-image-809\" srcset=\"https:\/\/sun21.at\/wp\/wp-content\/uploads\/2023\/04\/Blechfalzdach-3.png 200w, https:\/\/sun21.at\/wp\/wp-content\/uploads\/2023\/04\/Blechfalzdach-3-150x150.png 150w\" sizes=\"auto, (max-width: 200px) 100vw, 200px\" \/><\/figure>\n\n\n\n<figure class=\"wp-block-image size-large\"><img loading=\"lazy\" decoding=\"async\" width=\"200\" height=\"200\" data-id=\"794\" src=\"https:\/\/sun21.at\/wp\/wp-content\/uploads\/2023\/04\/Blechfalzdach.png\" alt=\"\" class=\"wp-image-794\" srcset=\"https:\/\/sun21.at\/wp\/wp-content\/uploads\/2023\/04\/Blechfalzdach.png 200w, https:\/\/sun21.at\/wp\/wp-content\/uploads\/2023\/04\/Blechfalzdach-150x150.png 150w\" sizes=\"auto, (max-width: 200px) 100vw, 200px\" \/><\/figure>\n<\/figure>\n<\/div>\n<\/div>\n\n\n\n<div class=\"wp-block-buttons is-content-justification-center is-layout-flex wp-container-core-buttons-is-layout-16018d1d wp-block-buttons-is-layout-flex\">\n<div class=\"wp-block-button\"><a class=\"wp-block-button__link wp-element-button\" href=\"https:\/\/sun21.at\/wp\/anfrageformular\/\">Jetzt anfragen!<\/a><\/div>\n<\/div>\n<div class=\"gsp_post_data\" \r\n\t            data-post_type=\"page\" \r\n\t            data-cat=\"\" \r\n\t            data-modified=\"120\"\r\n\t            data-created=\"1674860545\"\r\n\t            data-title=\"In 4 Schritten zur PV-Anlage\" \r\n\t            data-home=\"https:\/\/sun21.at\/wp\"><\/div>","protected":false},"excerpt":{"rendered":"<p>Besichtigung &amp; Beratung Gemeinsam werden Anforderungen und Fragen gekl\u00e4rt und die Dachfl\u00e4chen und der Bestand besichtigt. Dank namhafter Montagesysteme k\u00f6nnen PV-Module auf jedes Dach montiert werden: Flachdach, Ziegel, Welldach, Schindeln, Blech, etc. Planung &amp; Angebot Wir planen die optimale PV-Anlage nach Ihren W\u00fcnschen und Bed\u00fcrfnissen. Abh\u00e4ngig von Ihrem Strombedarf und der verf\u00fcgbaren Dachfl\u00e4che werden die &#8230; <a title=\"In 4 Schritten zur PV-Anlage\" class=\"read-more\" href=\"https:\/\/sun21.at\/wp\/in-4-schritten-zu-deiner-pv-anlage\/\" aria-label=\"Mehr Informationen \u00fcber In 4 Schritten zur PV-Anlage\">Weiterlesen<\/a><\/p>\n","protected":false},"author":1,"featured_media":0,"parent":0,"menu_order":1,"comment_status":"closed","ping_status":"closed","template":"","meta":{"content-type":"","ngg_post_thumbnail":0,"footnotes":""},"class_list":["post-336","page","type-page","status-publish"],"yoast_head":"<!-- This site is optimized with the Yoast SEO plugin v27.3 - https:\/\/yoast.com\/product\/yoast-seo-wordpress\/ -->\n<title>In 4 Schritten zur PV-Anlage: Dein Weg zu nachhaltiger Energie | SUN21<\/title>\n<meta name=\"description\" content=\"Erfahre, wie du in nur 4 Schritten zu deiner ma\u00dfgeschneiderten Photovoltaik-Anlage gelangst \u2013 einfach, effizient und nachhaltig.\" \/>\n<meta name=\"robots\" content=\"index, follow, max-snippet:-1, max-image-preview:large, max-video-preview:-1\" \/>\n<link rel=\"canonical\" href=\"https:\/\/sun21.at\/wp\/in-4-schritten-zu-deiner-pv-anlage\/\" \/>\n<meta property=\"og:locale\" content=\"de_DE\" \/>\n<meta property=\"og:type\" content=\"article\" \/>\n<meta property=\"og:title\" content=\"In 4 Schritten zur PV-Anlage: Dein Weg zu nachhaltiger Energie | SUN21\" \/>\n<meta property=\"og:description\" content=\"Erfahre, wie du in nur 4 Schritten zu deiner ma\u00dfgeschneiderten Photovoltaik-Anlage gelangst \u2013 einfach, effizient und nachhaltig.\" \/>\n<meta property=\"og:url\" content=\"https:\/\/sun21.at\/wp\/in-4-schritten-zu-deiner-pv-anlage\/\" \/>\n<meta property=\"og:site_name\" content=\"SUN21\" \/>\n<meta property=\"article:publisher\" content=\"https:\/\/www.facebook.com\/sun21.at\" \/>\n<meta property=\"article:modified_time\" content=\"2025-01-22T12:27:44+00:00\" \/>\n<meta property=\"og:image\" content=\"https:\/\/sun21.at\/wp\/wp-content\/uploads\/2024\/06\/Broschuere-01_Besichtigung.png\" \/>\n\t<meta property=\"og:image:width\" content=\"651\" \/>\n\t<meta property=\"og:image:height\" content=\"532\" \/>\n\t<meta property=\"og:image:type\" content=\"image\/png\" \/>\n<script type=\"application\/ld+json\" class=\"yoast-schema-graph\">{\"@context\":\"https:\\\/\\\/schema.org\",\"@graph\":[{\"@type\":\"WebPage\",\"@id\":\"https:\\\/\\\/sun21.at\\\/wp\\\/in-4-schritten-zu-deiner-pv-anlage\\\/\",\"url\":\"https:\\\/\\\/sun21.at\\\/wp\\\/in-4-schritten-zu-deiner-pv-anlage\\\/\",\"name\":\"In 4 Schritten zur PV-Anlage: Dein Weg zu nachhaltiger Energie | SUN21\",\"isPartOf\":{\"@id\":\"https:\\\/\\\/sun21.at\\\/wp\\\/#website\"},\"primaryImageOfPage\":{\"@id\":\"https:\\\/\\\/sun21.at\\\/wp\\\/in-4-schritten-zu-deiner-pv-anlage\\\/#primaryimage\"},\"image\":{\"@id\":\"https:\\\/\\\/sun21.at\\\/wp\\\/in-4-schritten-zu-deiner-pv-anlage\\\/#primaryimage\"},\"thumbnailUrl\":\"https:\\\/\\\/sun21.at\\\/wp\\\/wp-content\\\/uploads\\\/2024\\\/06\\\/Broschuere-01_Besichtigung.png\",\"datePublished\":\"2023-01-27T23:02:25+00:00\",\"dateModified\":\"2025-01-22T12:27:44+00:00\",\"description\":\"Erfahre, wie du in nur 4 Schritten zu deiner ma\u00dfgeschneiderten Photovoltaik-Anlage gelangst \u2013 einfach, effizient und nachhaltig.\",\"breadcrumb\":{\"@id\":\"https:\\\/\\\/sun21.at\\\/wp\\\/in-4-schritten-zu-deiner-pv-anlage\\\/#breadcrumb\"},\"inLanguage\":\"de\",\"potentialAction\":[{\"@type\":\"ReadAction\",\"target\":[\"https:\\\/\\\/sun21.at\\\/wp\\\/in-4-schritten-zu-deiner-pv-anlage\\\/\"]}]},{\"@type\":\"ImageObject\",\"inLanguage\":\"de\",\"@id\":\"https:\\\/\\\/sun21.at\\\/wp\\\/in-4-schritten-zu-deiner-pv-anlage\\\/#primaryimage\",\"url\":\"https:\\\/\\\/sun21.at\\\/wp\\\/wp-content\\\/uploads\\\/2024\\\/06\\\/Broschuere-01_Besichtigung.png\",\"contentUrl\":\"https:\\\/\\\/sun21.at\\\/wp\\\/wp-content\\\/uploads\\\/2024\\\/06\\\/Broschuere-01_Besichtigung.png\",\"width\":651,\"height\":532},{\"@type\":\"BreadcrumbList\",\"@id\":\"https:\\\/\\\/sun21.at\\\/wp\\\/in-4-schritten-zu-deiner-pv-anlage\\\/#breadcrumb\",\"itemListElement\":[{\"@type\":\"ListItem\",\"position\":1,\"name\":\"Startseite\",\"item\":\"https:\\\/\\\/sun21.at\\\/wp\\\/\"},{\"@type\":\"ListItem\",\"position\":2,\"name\":\"In 4 Schritten zur PV-Anlage\"}]},{\"@type\":\"WebSite\",\"@id\":\"https:\\\/\\\/sun21.at\\\/wp\\\/#website\",\"url\":\"https:\\\/\\\/sun21.at\\\/wp\\\/\",\"name\":\"SUN21 | Ihr Experte f\u00fcr smarte Energiel\u00f6sungen: Photovoltaik & W\u00e4rmepumpen\",\"description\":\"Ihr Experte f\u00fcr smarte Energiel\u00f6sungen: Photovoltaik, Speicher &amp; W\u00e4rmepumpen\",\"publisher\":{\"@id\":\"https:\\\/\\\/sun21.at\\\/wp\\\/#organization\"},\"alternateName\":\"SUN21\",\"potentialAction\":[{\"@type\":\"SearchAction\",\"target\":{\"@type\":\"EntryPoint\",\"urlTemplate\":\"https:\\\/\\\/sun21.at\\\/wp\\\/?s={search_term_string}\"},\"query-input\":{\"@type\":\"PropertyValueSpecification\",\"valueRequired\":true,\"valueName\":\"search_term_string\"}}],\"inLanguage\":\"de\"},{\"@type\":\"Organization\",\"@id\":\"https:\\\/\\\/sun21.at\\\/wp\\\/#organization\",\"name\":\"SUN21 Smart-Energy GmbH\",\"alternateName\":\"SUN21\",\"url\":\"https:\\\/\\\/sun21.at\\\/wp\\\/\",\"logo\":{\"@type\":\"ImageObject\",\"inLanguage\":\"de\",\"@id\":\"https:\\\/\\\/sun21.at\\\/wp\\\/#\\\/schema\\\/logo\\\/image\\\/\",\"url\":\"https:\\\/\\\/sun21.at\\\/wp\\\/wp-content\\\/uploads\\\/2024\\\/07\\\/sun21_rgb_quadratisch.png\",\"contentUrl\":\"https:\\\/\\\/sun21.at\\\/wp\\\/wp-content\\\/uploads\\\/2024\\\/07\\\/sun21_rgb_quadratisch.png\",\"width\":1030,\"height\":1030,\"caption\":\"SUN21 Smart-Energy GmbH\"},\"image\":{\"@id\":\"https:\\\/\\\/sun21.at\\\/wp\\\/#\\\/schema\\\/logo\\\/image\\\/\"},\"sameAs\":[\"https:\\\/\\\/www.facebook.com\\\/sun21.at\",\"https:\\\/\\\/www.instagram.com\\\/sun21.at\",\"https:\\\/\\\/www.linkedin.com\\\/company\\\/sun21at\"]}]}<\/script>\n<!-- \/ Yoast SEO plugin. -->","yoast_head_json":{"title":"In 4 Schritten zur PV-Anlage: Dein Weg zu nachhaltiger Energie | SUN21","description":"Erfahre, wie du in nur 4 Schritten zu deiner ma\u00dfgeschneiderten Photovoltaik-Anlage gelangst \u2013 einfach, effizient und nachhaltig.","robots":{"index":"index","follow":"follow","max-snippet":"max-snippet:-1","max-image-preview":"max-image-preview:large","max-video-preview":"max-video-preview:-1"},"canonical":"https:\/\/sun21.at\/wp\/in-4-schritten-zu-deiner-pv-anlage\/","og_locale":"de_DE","og_type":"article","og_title":"In 4 Schritten zur PV-Anlage: Dein Weg zu nachhaltiger Energie | SUN21","og_description":"Erfahre, wie du in nur 4 Schritten zu deiner ma\u00dfgeschneiderten Photovoltaik-Anlage gelangst \u2013 einfach, effizient und nachhaltig.","og_url":"https:\/\/sun21.at\/wp\/in-4-schritten-zu-deiner-pv-anlage\/","og_site_name":"SUN21","article_publisher":"https:\/\/www.facebook.com\/sun21.at","article_modified_time":"2025-01-22T12:27:44+00:00","og_image":[{"width":651,"height":532,"url":"https:\/\/sun21.at\/wp\/wp-content\/uploads\/2024\/06\/Broschuere-01_Besichtigung.png","type":"image\/png"}],"schema":{"@context":"https:\/\/schema.org","@graph":[{"@type":"WebPage","@id":"https:\/\/sun21.at\/wp\/in-4-schritten-zu-deiner-pv-anlage\/","url":"https:\/\/sun21.at\/wp\/in-4-schritten-zu-deiner-pv-anlage\/","name":"In 4 Schritten zur PV-Anlage: Dein Weg zu nachhaltiger Energie | SUN21","isPartOf":{"@id":"https:\/\/sun21.at\/wp\/#website"},"primaryImageOfPage":{"@id":"https:\/\/sun21.at\/wp\/in-4-schritten-zu-deiner-pv-anlage\/#primaryimage"},"image":{"@id":"https:\/\/sun21.at\/wp\/in-4-schritten-zu-deiner-pv-anlage\/#primaryimage"},"thumbnailUrl":"https:\/\/sun21.at\/wp\/wp-content\/uploads\/2024\/06\/Broschuere-01_Besichtigung.png","datePublished":"2023-01-27T23:02:25+00:00","dateModified":"2025-01-22T12:27:44+00:00","description":"Erfahre, wie du in nur 4 Schritten zu deiner ma\u00dfgeschneiderten Photovoltaik-Anlage gelangst \u2013 einfach, effizient und nachhaltig.","breadcrumb":{"@id":"https:\/\/sun21.at\/wp\/in-4-schritten-zu-deiner-pv-anlage\/#breadcrumb"},"inLanguage":"de","potentialAction":[{"@type":"ReadAction","target":["https:\/\/sun21.at\/wp\/in-4-schritten-zu-deiner-pv-anlage\/"]}]},{"@type":"ImageObject","inLanguage":"de","@id":"https:\/\/sun21.at\/wp\/in-4-schritten-zu-deiner-pv-anlage\/#primaryimage","url":"https:\/\/sun21.at\/wp\/wp-content\/uploads\/2024\/06\/Broschuere-01_Besichtigung.png","contentUrl":"https:\/\/sun21.at\/wp\/wp-content\/uploads\/2024\/06\/Broschuere-01_Besichtigung.png","width":651,"height":532},{"@type":"BreadcrumbList","@id":"https:\/\/sun21.at\/wp\/in-4-schritten-zu-deiner-pv-anlage\/#breadcrumb","itemListElement":[{"@type":"ListItem","position":1,"name":"Startseite","item":"https:\/\/sun21.at\/wp\/"},{"@type":"ListItem","position":2,"name":"In 4 Schritten zur PV-Anlage"}]},{"@type":"WebSite","@id":"https:\/\/sun21.at\/wp\/#website","url":"https:\/\/sun21.at\/wp\/","name":"SUN21 | Ihr Experte f\u00fcr smarte Energiel\u00f6sungen: Photovoltaik & W\u00e4rmepumpen","description":"Ihr Experte f\u00fcr smarte Energiel\u00f6sungen: Photovoltaik, Speicher &amp; W\u00e4rmepumpen","publisher":{"@id":"https:\/\/sun21.at\/wp\/#organization"},"alternateName":"SUN21","potentialAction":[{"@type":"SearchAction","target":{"@type":"EntryPoint","urlTemplate":"https:\/\/sun21.at\/wp\/?s={search_term_string}"},"query-input":{"@type":"PropertyValueSpecification","valueRequired":true,"valueName":"search_term_string"}}],"inLanguage":"de"},{"@type":"Organization","@id":"https:\/\/sun21.at\/wp\/#organization","name":"SUN21 Smart-Energy GmbH","alternateName":"SUN21","url":"https:\/\/sun21.at\/wp\/","logo":{"@type":"ImageObject","inLanguage":"de","@id":"https:\/\/sun21.at\/wp\/#\/schema\/logo\/image\/","url":"https:\/\/sun21.at\/wp\/wp-content\/uploads\/2024\/07\/sun21_rgb_quadratisch.png","contentUrl":"https:\/\/sun21.at\/wp\/wp-content\/uploads\/2024\/07\/sun21_rgb_quadratisch.png","width":1030,"height":1030,"caption":"SUN21 Smart-Energy GmbH"},"image":{"@id":"https:\/\/sun21.at\/wp\/#\/schema\/logo\/image\/"},"sameAs":["https:\/\/www.facebook.com\/sun21.at","https:\/\/www.instagram.com\/sun21.at","https:\/\/www.linkedin.com\/company\/sun21at"]}]}},"_links":{"self":[{"href":"https:\/\/sun21.at\/wp\/wp-json\/wp\/v2\/pages\/336","targetHints":{"allow":["GET"]}}],"collection":[{"href":"https:\/\/sun21.at\/wp\/wp-json\/wp\/v2\/pages"}],"about":[{"href":"https:\/\/sun21.at\/wp\/wp-json\/wp\/v2\/types\/page"}],"author":[{"embeddable":true,"href":"https:\/\/sun21.at\/wp\/wp-json\/wp\/v2\/users\/1"}],"replies":[{"embeddable":true,"href":"https:\/\/sun21.at\/wp\/wp-json\/wp\/v2\/comments?post=336"}],"version-history":[{"count":14,"href":"https:\/\/sun21.at\/wp\/wp-json\/wp\/v2\/pages\/336\/revisions"}],"predecessor-version":[{"id":2054,"href":"https:\/\/sun21.at\/wp\/wp-json\/wp\/v2\/pages\/336\/revisions\/2054"}],"wp:attachment":[{"href":"https:\/\/sun21.at\/wp\/wp-json\/wp\/v2\/media?parent=336"}],"curies":[{"name":"wp","href":"https:\/\/api.w.org\/{rel}","templated":true}]}}